{"id":15,"date":"2025-02-01T19:10:48","date_gmt":"2025-02-01T19:10:48","guid":{"rendered":"https:\/\/miedzierza.pl\/?page_id=15"},"modified":"2025-02-10T19:09:53","modified_gmt":"2025-02-10T19:09:53","slug":"blog","status":"publish","type":"page","link":"https:\/\/miedzierza.pl\/?page_id=15","title":{"rendered":"Blog"},"content":{"rendered":"<div id=\"cv-masonry-post-layout\" class=\"block-08017daa-869c-4d49-a557-553c75853bc9 cv-block cv-masonry-post-layout cv-block-masonry--layout-one cv-block-grid--layout-one\">    <div class=\"cv-post-wrapper cv-post--imagemargin column--two\">\r\n                        <article post-id=\"post-330\" class=\"cv-post post-format--standard\" itemscope itemtype=\"http:\/\/schema.org\/articleBody\">\r\n                                        <div class=\"cv-post-thumb\">\r\n                        <a href=\"https:\/\/miedzierza.pl\/?p=330\"><img decoding=\"async\" src=\"https:\/\/miedzierza.pl\/wp-content\/uploads\/2026\/04\/drzewo1-scaled.jpg\" alt=\"Miedzierska genealogia\"\/><\/a>\r\n                    <\/div>\r\n                    <h2 class=\"cv-post-title\">\r\n                        <a href=\"https:\/\/miedzierza.pl\/?p=330\" target=\"_self\">\r\n                            Miedzierska genealogia                        <\/a>\r\n                    <\/h2>\r\n                    <div class=\"cv-post-meta cv-meta-icon-show\">\r\n                        <span class=\"cv-post-author-name cv-post-meta-item\" itemprop=\"author\">By:<a href=\"https:\/\/miedzierza.pl\/?author=1\">Katarzyna Ga\u0142a<\/a><\/span>                    <\/div>\r\n                <div class=\"cv-post-content\" itemprop=\"description\">Na pomys\u0142 napisania ksi\u0105\u017cki o Miedzierzy wpad\u0142am podczas zbierania materia\u0142\u00f3w do drzewa genealogicznego mojej rodziny,&hellip;<\/div><div class=\"cv-read-more\"><a href=https:\/\/miedzierza.pl\/?p=330>wi\u0119cej<i class=\"fas fa-arrow-right\"><\/i><\/a><\/div>                <\/article>\r\n                        <article post-id=\"post-324\" class=\"cv-post post-format--standard\" itemscope itemtype=\"http:\/\/schema.org\/articleBody\">\r\n                                        <div class=\"cv-post-thumb\">\r\n                        <a href=\"https:\/\/miedzierza.pl\/?p=324\"><img decoding=\"async\" src=\"https:\/\/miedzierza.pl\/wp-content\/uploads\/2026\/04\/9f59eea4-5a4e-4bbb-9dcf-f5185efdd491.jpg\" alt=\"V \u015awi\u0119tokrzyskie Dni Ksi\u0105\u017cki Historycznej\"\/><\/a>\r\n                    <\/div>\r\n                    <h2 class=\"cv-post-title\">\r\n                        <a href=\"https:\/\/miedzierza.pl\/?p=324\" target=\"_self\">\r\n                            V \u015awi\u0119tokrzyskie Dni Ksi\u0105\u017cki Historycznej                        <\/a>\r\n                    <\/h2>\r\n                    <div class=\"cv-post-meta cv-meta-icon-show\">\r\n                        <span class=\"cv-post-author-name cv-post-meta-item\" itemprop=\"author\">By:<a href=\"https:\/\/miedzierza.pl\/?author=1\">Katarzyna Ga\u0142a<\/a><\/span>                    <\/div>\r\n                <div class=\"cv-post-content\" itemprop=\"description\">24 kwietnia 2026 r. w Wojew\u00f3dzkiej Bibliotece Publicznej w Kielcach mia\u0142am mo\u017cliwo\u015b\u0107 zaprezentowania mojej ksi\u0105\u017cki:&hellip;<\/div><div class=\"cv-read-more\"><a href=https:\/\/miedzierza.pl\/?p=324>wi\u0119cej<i class=\"fas fa-arrow-right\"><\/i><\/a><\/div>                <\/article>\r\n                        <article post-id=\"post-316\" class=\"cv-post post-format--standard\" itemscope itemtype=\"http:\/\/schema.org\/articleBody\">\r\n                                        <div class=\"cv-post-thumb\">\r\n                        <a href=\"https:\/\/miedzierza.pl\/?p=316\"><img decoding=\"async\" src=\"https:\/\/miedzierza.pl\/wp-content\/uploads\/2026\/04\/1.jpg\" alt=\"Historia Miedzierzy w kwartalniku &#8222;Powiat konecki&#8221;\"\/><\/a>\r\n                    <\/div>\r\n                    <h2 class=\"cv-post-title\">\r\n                        <a href=\"https:\/\/miedzierza.pl\/?p=316\" target=\"_self\">\r\n                            Historia Miedzierzy w kwartalniku &#8222;Powiat konecki&#8221;                        <\/a>\r\n                    <\/h2>\r\n                    <div class=\"cv-post-meta cv-meta-icon-show\">\r\n                        <span class=\"cv-post-author-name cv-post-meta-item\" itemprop=\"author\">By:<a href=\"https:\/\/miedzierza.pl\/?author=1\">Katarzyna Ga\u0142a<\/a><\/span>                    <\/div>\r\n                <div class=\"cv-post-content\" itemprop=\"description\">W najnowszym numerze czasopisma &#8222;Powiat konecki: Kwartalnik spo\u0142eczno-kulturalny&#8221; (Nr 1\/ 2026) ukaza\u0142 si\u0119 m\u00f3j artyku\u0142&hellip;<\/div><div class=\"cv-read-more\"><a href=https:\/\/miedzierza.pl\/?p=316>wi\u0119cej<i class=\"fas fa-arrow-right\"><\/i><\/a><\/div>                <\/article>\r\n                        <article post-id=\"post-309\" class=\"cv-post post-format--standard\" itemscope itemtype=\"http:\/\/schema.org\/articleBody\">\r\n                                        <div class=\"cv-post-thumb\">\r\n                        <a href=\"https:\/\/miedzierza.pl\/?p=309\"><img decoding=\"async\" src=\"https:\/\/miedzierza.pl\/wp-content\/uploads\/2026\/02\/573584768_122160386108764690_1523426147049682544_n.jpg\" alt=\"Miedzierski cmentarz\"\/><\/a>\r\n                    <\/div>\r\n                    <h2 class=\"cv-post-title\">\r\n                        <a href=\"https:\/\/miedzierza.pl\/?p=309\" target=\"_self\">\r\n                            Miedzierski cmentarz                        <\/a>\r\n                    <\/h2>\r\n                    <div class=\"cv-post-meta cv-meta-icon-show\">\r\n                        <span class=\"cv-post-author-name cv-post-meta-item\" itemprop=\"author\">By:<a href=\"https:\/\/miedzierza.pl\/?author=1\">Katarzyna Ga\u0142a<\/a><\/span>                    <\/div>\r\n                <div class=\"cv-post-content\" itemprop=\"description\">Od kilku lat na cmentarzu w Miedzierzy prowadzona jest w dzie\u0144 Wszystkich \u015awi\u0119tych kwesta na&hellip;<\/div><div class=\"cv-read-more\"><a href=https:\/\/miedzierza.pl\/?p=309>wi\u0119cej<i class=\"fas fa-arrow-right\"><\/i><\/a><\/div>                <\/article>\r\n                        <article post-id=\"post-301\" class=\"cv-post post-format--standard\" itemscope itemtype=\"http:\/\/schema.org\/articleBody\">\r\n                                        <div class=\"cv-post-thumb\">\r\n                        <a href=\"https:\/\/miedzierza.pl\/?p=301\"><img decoding=\"async\" src=\"https:\/\/miedzierza.pl\/wp-content\/uploads\/2025\/08\/001-1.jpg\" alt=\"Zdj\u0119cie z 1940 roku\"\/><\/a>\r\n                    <\/div>\r\n                    <h2 class=\"cv-post-title\">\r\n                        <a href=\"https:\/\/miedzierza.pl\/?p=301\" target=\"_self\">\r\n                            Zdj\u0119cie z 1940 roku                        <\/a>\r\n                    <\/h2>\r\n                    <div class=\"cv-post-meta cv-meta-icon-show\">\r\n                        <span class=\"cv-post-author-name cv-post-meta-item\" itemprop=\"author\">By:<a href=\"https:\/\/miedzierza.pl\/?author=1\">Katarzyna Ga\u0142a<\/a><\/span>                    <\/div>\r\n                <div class=\"cv-post-content\" itemprop=\"description\">Dzi\u0119ki staraniom pana Romana Cichackiego dotar\u0142o do mnie kolejne niesamowite zdj\u0119cie. Pochodzi ono ze zbior\u00f3w&hellip;<\/div><div class=\"cv-read-more\"><a href=https:\/\/miedzierza.pl\/?p=301>wi\u0119cej<i class=\"fas fa-arrow-right\"><\/i><\/a><\/div>                <\/article>\r\n                        <article post-id=\"post-297\" class=\"cv-post post-format--standard\" itemscope itemtype=\"http:\/\/schema.org\/articleBody\">\r\n                                        <div class=\"cv-post-thumb\">\r\n                        <a href=\"https:\/\/miedzierza.pl\/?p=297\"><img decoding=\"async\" src=\"https:\/\/miedzierza.pl\/wp-content\/plugins\/wp-blog-post-layouts\/includes\/assets\/images\/image.jpg\" alt=\"Zdj\u0119cie\"\/><\/a>\r\n                    <\/div>\r\n                    <h2 class=\"cv-post-title\">\r\n                        <a href=\"https:\/\/miedzierza.pl\/?p=297\" target=\"_self\">\r\n                            Zdj\u0119cie                        <\/a>\r\n                    <\/h2>\r\n                    <div class=\"cv-post-meta cv-meta-icon-show\">\r\n                        <span class=\"cv-post-author-name cv-post-meta-item\" itemprop=\"author\">By:<a href=\"https:\/\/miedzierza.pl\/?author=1\">Katarzyna Ga\u0142a<\/a><\/span>                    <\/div>\r\n                <div class=\"cv-post-content\" itemprop=\"description\">Zdj\u0119cie pacyfikacji Kr\u00f3lewca z 7 kwietnia 1940 roku, prezentowane przeze mnie na prelekcji 26 lipca&hellip;<\/div><div class=\"cv-read-more\"><a href=https:\/\/miedzierza.pl\/?p=297>wi\u0119cej<i class=\"fas fa-arrow-right\"><\/i><\/a><\/div>                <\/article>\r\n                        <article post-id=\"post-290\" class=\"cv-post post-format--standard\" itemscope itemtype=\"http:\/\/schema.org\/articleBody\">\r\n                                        <div class=\"cv-post-thumb\">\r\n                        <a href=\"https:\/\/miedzierza.pl\/?p=290\"><img decoding=\"async\" src=\"https:\/\/miedzierza.pl\/wp-content\/uploads\/2025\/07\/k2.jpg\" alt=\"Pacyfikacja Kr\u00f3lewca i Adamowa &#8211; Tajemnica polskiego oficera\"\/><\/a>\r\n                    <\/div>\r\n                    <h2 class=\"cv-post-title\">\r\n                        <a href=\"https:\/\/miedzierza.pl\/?p=290\" target=\"_self\">\r\n                            Pacyfikacja Kr\u00f3lewca i Adamowa &#8211; Tajemnica polskiego oficera                        <\/a>\r\n                    <\/h2>\r\n                    <div class=\"cv-post-meta cv-meta-icon-show\">\r\n                        <span class=\"cv-post-author-name cv-post-meta-item\" itemprop=\"author\">By:<a href=\"https:\/\/miedzierza.pl\/?author=1\">Katarzyna Ga\u0142a<\/a><\/span>                    <\/div>\r\n                <div class=\"cv-post-content\" itemprop=\"description\">W ksi\u0105\u017cce pt. \u201eMiedzierza wczoraj i dzi\u015b\u201d autorka postanowi\u0142a uwzgl\u0119dni\u0107 temat pacyfikacji Kr\u00f3lewca i Adamowa&hellip;<\/div><div class=\"cv-read-more\"><a href=https:\/\/miedzierza.pl\/?p=290>wi\u0119cej<i class=\"fas fa-arrow-right\"><\/i><\/a><\/div>                <\/article>\r\n                        <article post-id=\"post-284\" class=\"cv-post post-format--standard\" itemscope itemtype=\"http:\/\/schema.org\/articleBody\">\r\n                                        <div class=\"cv-post-thumb\">\r\n                        <a href=\"https:\/\/miedzierza.pl\/?p=284\"><img decoding=\"async\" src=\"https:\/\/miedzierza.pl\/wp-content\/uploads\/2025\/07\/ChatGPT-Image-20-lip-2025-22_11_07.png\" alt=\"Smutna historia dwojga m\u0142odych ludzi z Kaw\u0119czyna\"\/><\/a>\r\n                    <\/div>\r\n                    <h2 class=\"cv-post-title\">\r\n                        <a href=\"https:\/\/miedzierza.pl\/?p=284\" target=\"_self\">\r\n                            Smutna historia dwojga m\u0142odych ludzi z Kaw\u0119czyna                        <\/a>\r\n                    <\/h2>\r\n                    <div class=\"cv-post-meta cv-meta-icon-show\">\r\n                        <span class=\"cv-post-author-name cv-post-meta-item\" itemprop=\"author\">By:<a href=\"https:\/\/miedzierza.pl\/?author=1\">Katarzyna Ga\u0142a<\/a><\/span>                    <\/div>\r\n                <div class=\"cv-post-content\" itemprop=\"description\">W latach 90-tych babcia opowiedzia\u0142a mi pewn\u0105 smutn\u0105, romantyczn\u0105 histori\u0119 mi\u0142o\u015bci dwojga m\u0142odych ludzi z&hellip;<\/div><div class=\"cv-read-more\"><a href=https:\/\/miedzierza.pl\/?p=284>wi\u0119cej<i class=\"fas fa-arrow-right\"><\/i><\/a><\/div>                <\/article>\r\n                        <article post-id=\"post-279\" class=\"cv-post post-format--standard\" itemscope itemtype=\"http:\/\/schema.org\/articleBody\">\r\n                                        <div class=\"cv-post-thumb\">\r\n                        <a href=\"https:\/\/miedzierza.pl\/?p=279\"><img decoding=\"async\" src=\"https:\/\/miedzierza.pl\/wp-content\/uploads\/2025\/07\/PXL_20250721_112440346-scaled.jpg\" alt=\"Echa audycji &#8222;Moc historii&#8221;\"\/><\/a>\r\n                    <\/div>\r\n                    <h2 class=\"cv-post-title\">\r\n                        <a href=\"https:\/\/miedzierza.pl\/?p=279\" target=\"_self\">\r\n                            Echa audycji &#8222;Moc historii&#8221;                        <\/a>\r\n                    <\/h2>\r\n                    <div class=\"cv-post-meta cv-meta-icon-show\">\r\n                        <span class=\"cv-post-author-name cv-post-meta-item\" itemprop=\"author\">By:<a href=\"https:\/\/miedzierza.pl\/?author=1\">Katarzyna Ga\u0142a<\/a><\/span>                    <\/div>\r\n                <div class=\"cv-post-content\" itemprop=\"description\">W trakcie audycji &#8222;Moc historii&#8221; po\u015bwi\u0119conej Miedzierzy, wyemitowanej 20 lipca 2025 roku, doktor Cezary Jastrz\u0119bski&hellip;<\/div><div class=\"cv-read-more\"><a href=https:\/\/miedzierza.pl\/?p=279>wi\u0119cej<i class=\"fas fa-arrow-right\"><\/i><\/a><\/div>                <\/article>\r\n                        <article post-id=\"post-276\" class=\"cv-post post-format--standard\" itemscope itemtype=\"http:\/\/schema.org\/articleBody\">\r\n                                        <div class=\"cv-post-thumb\">\r\n                        <a href=\"https:\/\/miedzierza.pl\/?p=276\"><img decoding=\"async\" src=\"https:\/\/miedzierza.pl\/wp-content\/uploads\/2025\/07\/PXL_20250708_105256310-scaled.jpg\" alt=\"Miedzierza w Radiu Kielce\"\/><\/a>\r\n                    <\/div>\r\n                    <h2 class=\"cv-post-title\">\r\n                        <a href=\"https:\/\/miedzierza.pl\/?p=276\" target=\"_self\">\r\n                            Miedzierza w Radiu Kielce                        <\/a>\r\n                    <\/h2>\r\n                    <div class=\"cv-post-meta cv-meta-icon-show\">\r\n                        <span class=\"cv-post-author-name cv-post-meta-item\" itemprop=\"author\">By:<a href=\"https:\/\/miedzierza.pl\/?author=1\">Katarzyna Ga\u0142a<\/a><\/span>                    <\/div>\r\n                <div class=\"cv-post-content\" itemprop=\"description\">20 lipca 2025 roku w Radiu Kielce zosta\u0142 wyemitowany odcinek audycji &#8222;Moc Historii&#8221; po\u015bwi\u0119cony Miedzierzy.&hellip;<\/div><div class=\"cv-read-more\"><a href=https:\/\/miedzierza.pl\/?p=276>wi\u0119cej<i class=\"fas fa-arrow-right\"><\/i><\/a><\/div>                <\/article>\r\n                        <article post-id=\"post-226\" class=\"cv-post post-format--standard\" itemscope itemtype=\"http:\/\/schema.org\/articleBody\">\r\n                                        <div class=\"cv-post-thumb\">\r\n                        <a href=\"https:\/\/miedzierza.pl\/?p=226\"><img decoding=\"async\" src=\"https:\/\/miedzierza.pl\/wp-content\/uploads\/2025\/05\/110.-Stanislaw-Wielgus-scaled.jpg\" alt=\"Porucznik Stanis\u0142aw Wielgus z Miedzierzy\"\/><\/a>\r\n                    <\/div>\r\n                    <h2 class=\"cv-post-title\">\r\n                        <a href=\"https:\/\/miedzierza.pl\/?p=226\" target=\"_self\">\r\n                            Porucznik Stanis\u0142aw Wielgus z Miedzierzy                        <\/a>\r\n                    <\/h2>\r\n                    <div class=\"cv-post-meta cv-meta-icon-show\">\r\n                        <span class=\"cv-post-author-name cv-post-meta-item\" itemprop=\"author\">By:<a href=\"https:\/\/miedzierza.pl\/?author=1\">Katarzyna Ga\u0142a<\/a><\/span>                    <\/div>\r\n                <div class=\"cv-post-content\" itemprop=\"description\">W trakcie pracy nad ksi\u0105\u017ck\u0105 \u201eMiedzierza wczoraj i dzi\u015b\u201d autorka pozna\u0142a pani\u0105 Zofi\u0119 Czekaj z&hellip;<\/div><div class=\"cv-read-more\"><a href=https:\/\/miedzierza.pl\/?p=226>wi\u0119cej<i class=\"fas fa-arrow-right\"><\/i><\/a><\/div>                <\/article>\r\n                        <article post-id=\"post-218\" class=\"cv-post post-format--standard\" itemscope itemtype=\"http:\/\/schema.org\/articleBody\">\r\n                                        <div class=\"cv-post-thumb\">\r\n                        <a href=\"https:\/\/miedzierza.pl\/?p=218\"><img decoding=\"async\" src=\"https:\/\/miedzierza.pl\/wp-content\/uploads\/2025\/05\/PXL_20250417_100219420-scaled.jpg\" alt=\"Pami\u0119tnik Bronis\u0142awa Sobczy\u0144skiego\"\/><\/a>\r\n                    <\/div>\r\n                    <h2 class=\"cv-post-title\">\r\n                        <a href=\"https:\/\/miedzierza.pl\/?p=218\" target=\"_self\">\r\n                            Pami\u0119tnik Bronis\u0142awa Sobczy\u0144skiego                        <\/a>\r\n                    <\/h2>\r\n                    <div class=\"cv-post-meta cv-meta-icon-show\">\r\n                        <span class=\"cv-post-author-name cv-post-meta-item\" itemprop=\"author\">By:<a href=\"https:\/\/miedzierza.pl\/?author=1\">Katarzyna Ga\u0142a<\/a><\/span>                    <\/div>\r\n                <div class=\"cv-post-content\" itemprop=\"description\">Jednym z niezwykle warto\u015bciowych \u017ar\u00f3de\u0142, z kt\u00f3rych autorka korzysta\u0142a podczas pracy nad ksi\u0105\u017ck\u0105 &#8222;Miedzierza wczoraj&hellip;<\/div><div class=\"cv-read-more\"><a href=https:\/\/miedzierza.pl\/?p=218>wi\u0119cej<i class=\"fas fa-arrow-right\"><\/i><\/a><\/div>                <\/article>\r\n                        <article post-id=\"post-209\" class=\"cv-post post-format--standard\" itemscope itemtype=\"http:\/\/schema.org\/articleBody\">\r\n                                        <div class=\"cv-post-thumb\">\r\n                        <a href=\"https:\/\/miedzierza.pl\/?p=209\"><img decoding=\"async\" src=\"https:\/\/miedzierza.pl\/wp-content\/uploads\/2025\/05\/149.-Mlyn-w-Kaweczynie.jpg\" alt=\"Kaw\u0119czyn\"\/><\/a>\r\n                    <\/div>\r\n                    <h2 class=\"cv-post-title\">\r\n                        <a href=\"https:\/\/miedzierza.pl\/?p=209\" target=\"_self\">\r\n                            Kaw\u0119czyn                        <\/a>\r\n                    <\/h2>\r\n                    <div class=\"cv-post-meta cv-meta-icon-show\">\r\n                        <span class=\"cv-post-author-name cv-post-meta-item\" itemprop=\"author\">By:<a href=\"https:\/\/miedzierza.pl\/?author=1\">Katarzyna Ga\u0142a<\/a><\/span>                    <\/div>\r\n                <div class=\"cv-post-content\" itemprop=\"description\">Kaw\u0119czyn, cho\u0107 to odr\u0119bna miejscowo\u015b\u0107, r\u00f3wnie\u017c cz\u0119sto pojawia si\u0119 na kartach ksi\u0105\u017cki \u201eMiedzierza wczoraj i&hellip;<\/div><div class=\"cv-read-more\"><a href=https:\/\/miedzierza.pl\/?p=209>wi\u0119cej<i class=\"fas fa-arrow-right\"><\/i><\/a><\/div>                <\/article>\r\n                        <article post-id=\"post-206\" class=\"cv-post post-format--standard\" itemscope itemtype=\"http:\/\/schema.org\/articleBody\">\r\n                                        <div class=\"cv-post-thumb\">\r\n                        <a href=\"https:\/\/miedzierza.pl\/?p=206\"><img decoding=\"async\" src=\"https:\/\/miedzierza.pl\/wp-content\/uploads\/2025\/05\/PXL_20250417_121110567-scaled.jpg\" alt=\"Muzeum Ludowe w Adamowie\"\/><\/a>\r\n                    <\/div>\r\n                    <h2 class=\"cv-post-title\">\r\n                        <a href=\"https:\/\/miedzierza.pl\/?p=206\" target=\"_self\">\r\n                            Muzeum Ludowe w Adamowie                        <\/a>\r\n                    <\/h2>\r\n                    <div class=\"cv-post-meta cv-meta-icon-show\">\r\n                        <span class=\"cv-post-author-name cv-post-meta-item\" itemprop=\"author\">By:<a href=\"https:\/\/miedzierza.pl\/?author=1\">Katarzyna Ga\u0142a<\/a><\/span>                    <\/div>\r\n                <div class=\"cv-post-content\" itemprop=\"description\">W trakcie pracy nad ksi\u0105\u017ck\u0105 autorka wielokrotnie korzysta\u0142a z go\u015bciny w Muzeum Ludowym w Adamowie,&hellip;<\/div><div class=\"cv-read-more\"><a href=https:\/\/miedzierza.pl\/?p=206>wi\u0119cej<i class=\"fas fa-arrow-right\"><\/i><\/a><\/div>                <\/article>\r\n                        <article post-id=\"post-181\" class=\"cv-post post-format--standard\" itemscope itemtype=\"http:\/\/schema.org\/articleBody\">\r\n                                        <div class=\"cv-post-thumb\">\r\n                        <a href=\"https:\/\/miedzierza.pl\/?p=181\"><img decoding=\"async\" src=\"https:\/\/miedzierza.pl\/wp-content\/uploads\/2025\/04\/PXL_20250405_124211240-scaled.jpg\" alt=\"Zdj\u0119cia\"\/><\/a>\r\n                    <\/div>\r\n                    <h2 class=\"cv-post-title\">\r\n                        <a href=\"https:\/\/miedzierza.pl\/?p=181\" target=\"_self\">\r\n                            Zdj\u0119cia                        <\/a>\r\n                    <\/h2>\r\n                    <div class=\"cv-post-meta cv-meta-icon-show\">\r\n                        <span class=\"cv-post-author-name cv-post-meta-item\" itemprop=\"author\">By:<a href=\"https:\/\/miedzierza.pl\/?author=1\">Katarzyna Ga\u0142a<\/a><\/span>                    <\/div>\r\n                <div class=\"cv-post-content\" itemprop=\"description\">230 zdj\u0119\u0107 i ilustracji oraz 8 map znajduje si\u0119 na kartach ksi\u0105\u017cki \u201eMiedzierza wczoraj i&hellip;<\/div><div class=\"cv-read-more\"><a href=https:\/\/miedzierza.pl\/?p=181>wi\u0119cej<i class=\"fas fa-arrow-right\"><\/i><\/a><\/div>                <\/article>\r\n                        <article post-id=\"post-176\" class=\"cv-post post-format--standard\" itemscope itemtype=\"http:\/\/schema.org\/articleBody\">\r\n                                        <div class=\"cv-post-thumb\">\r\n                        <a href=\"https:\/\/miedzierza.pl\/?p=176\"><img decoding=\"async\" src=\"https:\/\/miedzierza.pl\/wp-content\/uploads\/2025\/04\/Kwiecien-scaled.jpg\" alt=\"Rozmowy z Miedzierzanami\"\/><\/a>\r\n                    <\/div>\r\n                    <h2 class=\"cv-post-title\">\r\n                        <a href=\"https:\/\/miedzierza.pl\/?p=176\" target=\"_self\">\r\n                            Rozmowy z Miedzierzanami                        <\/a>\r\n                    <\/h2>\r\n                    <div class=\"cv-post-meta cv-meta-icon-show\">\r\n                        <span class=\"cv-post-author-name cv-post-meta-item\" itemprop=\"author\">By:<a href=\"https:\/\/miedzierza.pl\/?author=1\">Katarzyna Ga\u0142a<\/a><\/span>                    <\/div>\r\n                <div class=\"cv-post-content\" itemprop=\"description\">W trakcie pracy nad ksi\u0105\u017ck\u0105 \u201eMiedzierza wczoraj i dzi\u015b\u201d autorka przeprowadzi\u0142a ponad 50 rozm\u00f3w z&hellip;<\/div><div class=\"cv-read-more\"><a href=https:\/\/miedzierza.pl\/?p=176>wi\u0119cej<i class=\"fas fa-arrow-right\"><\/i><\/a><\/div>                <\/article>\r\n                        <article post-id=\"post-162\" class=\"cv-post post-format--standard\" itemscope itemtype=\"http:\/\/schema.org\/articleBody\">\r\n                                        <div class=\"cv-post-thumb\">\r\n                        <a href=\"https:\/\/miedzierza.pl\/?p=162\"><img decoding=\"async\" src=\"https:\/\/miedzierza.pl\/wp-content\/uploads\/2025\/03\/cropped-cropped-Janicki-scaled-1.jpg\" alt=\"Miedzierscy ch\u0142opi\"\/><\/a>\r\n                    <\/div>\r\n                    <h2 class=\"cv-post-title\">\r\n                        <a href=\"https:\/\/miedzierza.pl\/?p=162\" target=\"_self\">\r\n                            Miedzierscy ch\u0142opi                        <\/a>\r\n                    <\/h2>\r\n                    <div class=\"cv-post-meta cv-meta-icon-show\">\r\n                        <span class=\"cv-post-author-name cv-post-meta-item\" itemprop=\"author\">By:<a href=\"https:\/\/miedzierza.pl\/?author=1\">Katarzyna Ga\u0142a<\/a><\/span>                    <\/div>\r\n                <div class=\"cv-post-content\" itemprop=\"description\">Miedzierza by\u0142a wsi\u0105 szlacheck\u0105, czyli ziemia nale\u017ca\u0142a do pana, kt\u00f3ry posiada\u0142 pe\u0142n\u0105 w\u0142adz\u0119 i kontrol\u0119&hellip;<\/div><div class=\"cv-read-more\"><a href=https:\/\/miedzierza.pl\/?p=162>wi\u0119cej<i class=\"fas fa-arrow-right\"><\/i><\/a><\/div>                <\/article>\r\n                        <article post-id=\"post-83\" class=\"cv-post post-format--standard\" itemscope itemtype=\"http:\/\/schema.org\/articleBody\">\r\n                                        <div class=\"cv-post-thumb\">\r\n                        <a href=\"https:\/\/miedzierza.pl\/?p=83\"><img decoding=\"async\" src=\"https:\/\/miedzierza.pl\/wp-content\/uploads\/2025\/02\/Inwentarz-scaled.jpg\" alt=\"\u0179r\u00f3d\u0142a archiwalne\"\/><\/a>\r\n                    <\/div>\r\n                    <h2 class=\"cv-post-title\">\r\n                        <a href=\"https:\/\/miedzierza.pl\/?p=83\" target=\"_self\">\r\n                            \u0179r\u00f3d\u0142a archiwalne                        <\/a>\r\n                    <\/h2>\r\n                    <div class=\"cv-post-meta cv-meta-icon-show\">\r\n                        <span class=\"cv-post-author-name cv-post-meta-item\" itemprop=\"author\">By:<a href=\"https:\/\/miedzierza.pl\/?author=1\">Katarzyna Ga\u0142a<\/a><\/span>                    <\/div>\r\n                <div class=\"cv-post-content\" itemprop=\"description\">Ksi\u0105\u017cka opiera si\u0119 na \u017ar\u00f3d\u0142ach archiwalnych pochodz\u0105cych z Archiwum Pa\u0144stwowego w Kielcach, Archiwum Pa\u0144stwowego w&hellip;<\/div><div class=\"cv-read-more\"><a href=https:\/\/miedzierza.pl\/?p=83>wi\u0119cej<i class=\"fas fa-arrow-right\"><\/i><\/a><\/div>                <\/article>\r\n            <\/div><\/div>","protected":false},"excerpt":{"rendered":"","protected":false},"author":1,"featured_media":0,"parent":0,"menu_order":0,"comment_status":"closed","ping_status":"closed","template":"","meta":{"footnotes":""},"class_list":["post-15","page","type-page","status-publish","hentry"],"yoast_head":"<!-- This site is optimized with the Yoast SEO plugin v24.7 - https:\/\/yoast.com\/wordpress\/plugins\/seo\/ -->\n<title>Blog - Miedzierza wczoraj i dzi\u015b<\/title>\n<meta name=\"robots\" content=\"index, follow, max-snippet:-1, max-image-preview:large, max-video-preview:-1\" \/>\n<link rel=\"canonical\" href=\"https:\/\/miedzierza.pl\/?page_id=15\" \/>\n<meta property=\"og:locale\" content=\"pl_PL\" \/>\n<meta property=\"og:type\" content=\"article\" \/>\n<meta property=\"og:title\" content=\"Blog - Miedzierza wczoraj i dzi\u015b\" \/>\n<meta property=\"og:url\" content=\"https:\/\/miedzierza.pl\/?page_id=15\" \/>\n<meta property=\"og:site_name\" content=\"Miedzierza wczoraj i dzi\u015b\" \/>\n<meta property=\"article:modified_time\" content=\"2025-02-10T19:09:53+00:00\" \/>\n<meta name=\"twitter:card\" content=\"summary_large_image\" \/>\n<script type=\"application\/ld+json\" class=\"yoast-schema-graph\">{\"@context\":\"https:\/\/schema.org\",\"@graph\":[{\"@type\":\"WebPage\",\"@id\":\"https:\/\/miedzierza.pl\/?page_id=15\",\"url\":\"https:\/\/miedzierza.pl\/?page_id=15\",\"name\":\"Blog - Miedzierza wczoraj i dzi\u015b\",\"isPartOf\":{\"@id\":\"https:\/\/miedzierza.pl\/#website\"},\"datePublished\":\"2025-02-01T19:10:48+00:00\",\"dateModified\":\"2025-02-10T19:09:53+00:00\",\"breadcrumb\":{\"@id\":\"https:\/\/miedzierza.pl\/?page_id=15#breadcrumb\"},\"inLanguage\":\"pl-PL\",\"potentialAction\":[{\"@type\":\"ReadAction\",\"target\":[\"https:\/\/miedzierza.pl\/?page_id=15\"]}]},{\"@type\":\"BreadcrumbList\",\"@id\":\"https:\/\/miedzierza.pl\/?page_id=15#breadcrumb\",\"itemListElement\":[{\"@type\":\"ListItem\",\"position\":1,\"name\":\"Strona g\u0142\u00f3wna\",\"item\":\"https:\/\/miedzierza.pl\/\"},{\"@type\":\"ListItem\",\"position\":2,\"name\":\"Blog\"}]},{\"@type\":\"WebSite\",\"@id\":\"https:\/\/miedzierza.pl\/#website\",\"url\":\"https:\/\/miedzierza.pl\/\",\"name\":\"Miedzierza wczoraj i dzi\u015b\",\"description\":\"\",\"potentialAction\":[{\"@type\":\"SearchAction\",\"target\":{\"@type\":\"EntryPoint\",\"urlTemplate\":\"https:\/\/miedzierza.pl\/?s={search_term_string}\"},\"query-input\":{\"@type\":\"PropertyValueSpecification\",\"valueRequired\":true,\"valueName\":\"search_term_string\"}}],\"inLanguage\":\"pl-PL\"}]}<\/script>\n<!-- \/ Yoast SEO plugin. -->","yoast_head_json":{"title":"Blog - Miedzierza wczoraj i dzi\u015b","robots":{"index":"index","follow":"follow","max-snippet":"max-snippet:-1","max-image-preview":"max-image-preview:large","max-video-preview":"max-video-preview:-1"},"canonical":"https:\/\/miedzierza.pl\/?page_id=15","og_locale":"pl_PL","og_type":"article","og_title":"Blog - Miedzierza wczoraj i dzi\u015b","og_url":"https:\/\/miedzierza.pl\/?page_id=15","og_site_name":"Miedzierza wczoraj i dzi\u015b","article_modified_time":"2025-02-10T19:09:53+00:00","twitter_card":"summary_large_image","schema":{"@context":"https:\/\/schema.org","@graph":[{"@type":"WebPage","@id":"https:\/\/miedzierza.pl\/?page_id=15","url":"https:\/\/miedzierza.pl\/?page_id=15","name":"Blog - Miedzierza wczoraj i dzi\u015b","isPartOf":{"@id":"https:\/\/miedzierza.pl\/#website"},"datePublished":"2025-02-01T19:10:48+00:00","dateModified":"2025-02-10T19:09:53+00:00","breadcrumb":{"@id":"https:\/\/miedzierza.pl\/?page_id=15#breadcrumb"},"inLanguage":"pl-PL","potentialAction":[{"@type":"ReadAction","target":["https:\/\/miedzierza.pl\/?page_id=15"]}]},{"@type":"BreadcrumbList","@id":"https:\/\/miedzierza.pl\/?page_id=15#breadcrumb","itemListElement":[{"@type":"ListItem","position":1,"name":"Strona g\u0142\u00f3wna","item":"https:\/\/miedzierza.pl\/"},{"@type":"ListItem","position":2,"name":"Blog"}]},{"@type":"WebSite","@id":"https:\/\/miedzierza.pl\/#website","url":"https:\/\/miedzierza.pl\/","name":"Miedzierza wczoraj i dzi\u015b","description":"","potentialAction":[{"@type":"SearchAction","target":{"@type":"EntryPoint","urlTemplate":"https:\/\/miedzierza.pl\/?s={search_term_string}"},"query-input":{"@type":"PropertyValueSpecification","valueRequired":true,"valueName":"search_term_string"}}],"inLanguage":"pl-PL"}]}},"blog_post_layout_featured_media_urls":{"thumbnail":"","full":""},"categories_names":null,"comments_number":"0","_links":{"self":[{"href":"https:\/\/miedzierza.pl\/index.php?rest_route=\/wp\/v2\/pages\/15","targetHints":{"allow":["GET"]}}],"collection":[{"href":"https:\/\/miedzierza.pl\/index.php?rest_route=\/wp\/v2\/pages"}],"about":[{"href":"https:\/\/miedzierza.pl\/index.php?rest_route=\/wp\/v2\/types\/page"}],"author":[{"embeddable":true,"href":"https:\/\/miedzierza.pl\/index.php?rest_route=\/wp\/v2\/users\/1"}],"replies":[{"embeddable":true,"href":"https:\/\/miedzierza.pl\/index.php?rest_route=%2Fwp%2Fv2%2Fcomments&post=15"}],"version-history":[{"count":5,"href":"https:\/\/miedzierza.pl\/index.php?rest_route=\/wp\/v2\/pages\/15\/revisions"}],"predecessor-version":[{"id":158,"href":"https:\/\/miedzierza.pl\/index.php?rest_route=\/wp\/v2\/pages\/15\/revisions\/158"}],"wp:attachment":[{"href":"https:\/\/miedzierza.pl\/index.php?rest_route=%2Fwp%2Fv2%2Fmedia&parent=15"}],"curies":[{"name":"wp","href":"https:\/\/api.w.org\/{rel}","templated":true}]}}